{"id":267,"date":"2023-03-01T09:38:00","date_gmt":"2023-03-01T08:38:00","guid":{"rendered":"http:\/\/paysdesabbayes.com\/?page_id=267"},"modified":"2023-09-05T13:48:37","modified_gmt":"2023-09-05T11:48:37","slug":"histoires-dabbaye","status":"publish","type":"page","link":"http:\/\/paysdesabbayes.com\/?page_id=267","title":{"rendered":"Histoires d&rsquo;abbaye"},"content":{"rendered":"\t\t<div data-elementor-type=\"wp-page\" data-elementor-id=\"267\" class=\"elementor elementor-267\">\n\t\t\t\t\t\t\t\t\t<section class=\"elementor-section elementor-top-section elementor-element elementor-element-45f15ba9 elementor-section-full_width elementor-section-height-default elementor-section-height-default\" data-id=\"45f15ba9\" data-element_type=\"section\">\n\t\t\t\t\t\t<div class=\"elementor-container elementor-column-gap-no\">\n\t\t\t\t\t<div class=\"elementor-column elementor-col-100 elementor-top-column elementor-element elementor-element-33422671\" data-id=\"33422671\" data-element_type=\"column\">\n\t\t\t<div class=\"elementor-widget-wrap elementor-element-populated\">\n\t\t\t\t\t\t\t\t<div class=\"elementor-element elementor-element-5132cacb elementor-widget elementor-widget-heading\" data-id=\"5132cacb\" data-element_type=\"widget\" data-widget_type=\"heading.default\">\n\t\t\t\t<div class=\"elementor-widget-container\">\n\t\t\t<style>\/*! elementor - v3.11.2 - 22-02-2023 *\/\n.elementor-heading-title{padding:0;margin:0;line-height:1}.elementor-widget-heading .elementor-heading-title[class*=elementor-size-]>a{color:inherit;font-size:inherit;line-height:inherit}.elementor-widget-heading .elementor-heading-title.elementor-size-small{font-size:15px}.elementor-widget-heading .elementor-heading-title.elementor-size-medium{font-size:19px}.elementor-widget-heading .elementor-heading-title.elementor-size-large{font-size:29px}.elementor-widget-heading .elementor-heading-title.elementor-size-xl{font-size:39px}.elementor-widget-heading .elementor-heading-title.elementor-size-xxl{font-size:59px}<\/style><span class=\"elementor-heading-title elementor-size-default\">Terres d'abbayes<\/span>\t\t<\/div>\n\t\t\t\t<\/div>\n\t\t\t\t<div class=\"elementor-element elementor-element-49badbb0 elementor-widget elementor-widget-text-editor\" data-id=\"49badbb0\" data-element_type=\"widget\" data-widget_type=\"text-editor.default\">\n\t\t\t\t<div class=\"elementor-widget-container\">\n\t\t\t<style>\/*! elementor - v3.11.2 - 22-02-2023 *\/\n.elementor-widget-text-editor.elementor-drop-cap-view-stacked .elementor-drop-cap{background-color:#818a91;color:#fff}.elementor-widget-text-editor.elementor-drop-cap-view-framed .elementor-drop-cap{color:#818a91;border:3px solid;background-color:transparent}.elementor-widget-text-editor:not(.elementor-drop-cap-view-default) .elementor-drop-cap{margin-top:8px}.elementor-widget-text-editor:not(.elementor-drop-cap-view-default) .elementor-drop-cap-letter{width:1em;height:1em}.elementor-widget-text-editor .elementor-drop-cap{float:left;text-align:center;line-height:1;font-size:50px}.elementor-widget-text-editor .elementor-drop-cap-letter{display:inline-block}<\/style>\t\t\t\t<p>Fond\u00e9es au VII\u00e8 si\u00e8cle,\u00a0<strong>Les trois abbayes d\u2019\u00c9tival, Moyenmoutier et Senones\u00a0<\/strong>formaient, avec\u00a0<strong>Bonmoutier\u00a0<\/strong>au nord et\u00a0<strong>Saint-Di\u00e9\u00a0<\/strong>au sud<strong>,<\/strong>\u00a0ce que l\u2019on appelle<strong>\u00a0la Sainte Croix Monastique des Vosges.<\/strong>\u00a0Depuis toujours, elles ont \u00e9t\u00e9 des lieux de savoir et de connaissance, attirant des personnages remarquables : le cadinal Humbert, le p\u00e8re Hugo, Dom Calmet, Voltaire\u2026 Malgr\u00e9 les blessures du si\u00e8cle pass\u00e9, elles restent des emsembles architecturaux d\u2019une rare qualit\u00e9, au centre des communes. Leur grande proximit\u00e9 et leurs diff\u00e9rences en font un\u00a0<strong>ensemble unique en Lorraine.<\/strong><\/p>\t\t\t\t\t\t<\/div>\n\t\t\t\t<\/div>\n\t\t\t\t\t<\/div>\n\t\t<\/div>\n\t\t\t\t\t\t\t<\/div>\n\t\t<\/section>\n\t\t\t\t<section class=\"elementor-section elementor-top-section elementor-element elementor-element-2edaba6a elementor-section-full_width elementor-section-height-min-height elementor-section-items-stretch elementor-section-content-middle elementor-section-height-default\" data-id=\"2edaba6a\" data-element_type=\"section\" id=\"Workshop_Learn_The_Basics\">\n\t\t\t\t\t\t<div class=\"elementor-container elementor-column-gap-no\">\n\t\t\t\t\t<div class=\"elementor-column elementor-col-50 elementor-top-column elementor-element elementor-element-151bb170\" data-id=\"151bb170\" data-element_type=\"column\" data-settings=\"{&quot;background_background&quot;:&quot;classic&quot;}\">\n\t\t\t<div class=\"elementor-widget-wrap elementor-element-populated\">\n\t\t\t\t\t\t\t\t<div class=\"elementor-element elementor-element-62531640 elementor-widget elementor-widget-spacer\" data-id=\"62531640\" data-element_type=\"widget\" data-widget_type=\"spacer.default\">\n\t\t\t\t<div class=\"elementor-widget-container\">\n\t\t\t<style>\/*! elementor - v3.11.2 - 22-02-2023 *\/\n.elementor-column .elementor-spacer-inner{height:var(--spacer-size)}.e-con{--container-widget-width:100%}.e-con-inner>.elementor-widget-spacer,.e-con>.elementor-widget-spacer{width:var(--container-widget-width,var(--spacer-size));--align-self:var(--container-widget-align-self,initial);--flex-shrink:0}.e-con-inner>.elementor-widget-spacer>.elementor-widget-container,.e-con-inner>.elementor-widget-spacer>.elementor-widget-container>.elementor-spacer,.e-con>.elementor-widget-spacer>.elementor-widget-container,.e-con>.elementor-widget-spacer>.elementor-widget-container>.elementor-spacer{height:100%}.e-con-inner>.elementor-widget-spacer>.elementor-widget-container>.elementor-spacer>.elementor-spacer-inner,.e-con>.elementor-widget-spacer>.elementor-widget-container>.elementor-spacer>.elementor-spacer-inner{height:var(--container-widget-height,var(--spacer-size))}<\/style>\t\t<div class=\"elementor-spacer\">\n\t\t\t<div class=\"elementor-spacer-inner\"><\/div>\n\t\t<\/div>\n\t\t\t\t<\/div>\n\t\t\t\t<\/div>\n\t\t\t\t\t<\/div>\n\t\t<\/div>\n\t\t\t\t<div class=\"elementor-column elementor-col-50 elementor-top-column elementor-element elementor-element-5435c67e\" data-id=\"5435c67e\" data-element_type=\"column\">\n\t\t\t<div class=\"elementor-widget-wrap elementor-element-populated\">\n\t\t\t\t\t\t\t\t<div class=\"elementor-element elementor-element-256ac00e elementor-widget elementor-widget-heading\" data-id=\"256ac00e\" data-element_type=\"widget\" data-widget_type=\"heading.default\">\n\t\t\t\t<div class=\"elementor-widget-container\">\n\t\t\t<h2 class=\"elementor-heading-title elementor-size-default\">Histoire de l'abbaye de Senones<\/h2>\t\t<\/div>\n\t\t\t\t<\/div>\n\t\t\t\t<div class=\"elementor-element elementor-element-7803363d elementor-widget elementor-widget-text-editor\" data-id=\"7803363d\" data-element_type=\"widget\" data-widget_type=\"text-editor.default\">\n\t\t\t\t<div class=\"elementor-widget-container\">\n\t\t\t\t\t\t\t<p>Gondelbert, en 640, n\u2019imagine pas que son monast\u00e8re sera jusqu\u2019\u00e0 la R\u00e9volution Fran\u00e7aise une puissante abbaye b\u00e9n\u00e9dictine lorraine, convoit\u00e9e par rois, comtes et \u00e9v\u00eaques.\u00a0 On peut encore aujourd\u2019hui se promener dans les grandes cours, le clo\u00eetre, les jardins et admirer l\u2019escalier d\u2019honneur, le palais abbatial et l\u2019immense biblioth\u00e8que de ce bel ensemble architectural du XVIIIe si\u00e8cle.\u00a0<\/p>\t\t\t\t\t\t<\/div>\n\t\t\t\t<\/div>\n\t\t\t\t<div class=\"elementor-element elementor-element-c90b2ae elementor-invisible elementor-widget elementor-widget-button\" data-id=\"c90b2ae\" data-element_type=\"widget\" data-settings=\"{&quot;_animation&quot;:&quot;fadeInDown&quot;}\" data-widget_type=\"button.default\">\n\t\t\t\t<div class=\"elementor-widget-container\">\n\t\t\t\t\t<div class=\"elementor-button-wrapper\">\n\t\t\t<a href=\"http:\/\/paysdesabbayes.com\/?page_id=192\" class=\"elementor-button-link elementor-button elementor-size-md\" role=\"button\">\n\t\t\t\t\t\t<span class=\"elementor-button-content-wrapper\">\n\t\t\t\t\t\t<span class=\"elementor-button-text\">D\u00e9couvrir<\/span>\n\t\t<\/span>\n\t\t\t\t\t<\/a>\n\t\t<\/div>\n\t\t\t\t<\/div>\n\t\t\t\t<\/div>\n\t\t\t\t\t<\/div>\n\t\t<\/div>\n\t\t\t\t\t\t\t<\/div>\n\t\t<\/section>\n\t\t\t\t<section class=\"elementor-section elementor-top-section elementor-element elementor-element-7c57abab elementor-section-full_width elementor-section-height-min-height elementor-section-items-stretch elementor-section-content-middle elementor-section-height-default\" data-id=\"7c57abab\" data-element_type=\"section\" id=\"Workshop_Learn_The_Basics\">\n\t\t\t\t\t\t<div class=\"elementor-container elementor-column-gap-no\">\n\t\t\t\t\t<div class=\"elementor-column elementor-col-50 elementor-top-column elementor-element elementor-element-21350db6\" data-id=\"21350db6\" data-element_type=\"column\">\n\t\t\t<div class=\"elementor-widget-wrap elementor-element-populated\">\n\t\t\t\t\t\t\t\t<div class=\"elementor-element elementor-element-5be63943 elementor-widget elementor-widget-heading\" data-id=\"5be63943\" data-element_type=\"widget\" data-widget_type=\"heading.default\">\n\t\t\t\t<div class=\"elementor-widget-container\">\n\t\t\t<h2 class=\"elementor-heading-title elementor-size-default\">Histoire de l'abbaye de Moyenmoutier<\/h2>\t\t<\/div>\n\t\t\t\t<\/div>\n\t\t\t\t<div class=\"elementor-element elementor-element-23cc41bc elementor-widget elementor-widget-text-editor\" data-id=\"23cc41bc\" data-element_type=\"widget\" data-widget_type=\"text-editor.default\">\n\t\t\t\t<div class=\"elementor-widget-container\">\n\t\t\t\t\t\t\t<p>Sur la Route des 3 Abbayes, Moyenmoutier la baroque s\u2019\u00e9l\u00e8ve, majestueuse et \u00e9l\u00e9gante, sur les rives du Rabodeau.\u00a0<br \/>Fond\u00e9e en 671 par saint Hydulphe, le \u00ab\u00a0monast\u00e8re du milieu\u00a0\u00bb a abrit\u00e9 \u00e0 plusieurs reprises l\u2019\u00e9lite savante de l\u2019ordre des b\u00e9n\u00e9dictins.<br \/>L\u2019\u00e9l\u00e9gante simplicit\u00e9 de son \u00e9glise, aux dimensions de cath\u00e9drale, contraste avec un mobilier exceptionnel, notamment son orgue et un ensemble de stalles du XVIe si\u00e8cle.\u00a0<\/p><p>Au nord, un autre b\u00e2timent agricole<\/p><p>Un autre b\u00e2timent, construit pendant la p\u00e9riode industrielle, abrite aujourd&rsquo;hui la salle des f\u00eates de Senones.<\/p>\t\t\t\t\t\t<\/div>\n\t\t\t\t<\/div>\n\t\t\t\t<div class=\"elementor-element elementor-element-4e6ac94 elementor-invisible elementor-widget elementor-widget-button\" data-id=\"4e6ac94\" data-element_type=\"widget\" data-settings=\"{&quot;_animation&quot;:&quot;fadeInDown&quot;}\" data-widget_type=\"button.default\">\n\t\t\t\t<div class=\"elementor-widget-container\">\n\t\t\t\t\t<div class=\"elementor-button-wrapper\">\n\t\t\t<a href=\"http:\/\/paysdesabbayes.com\/?page_id=190\" class=\"elementor-button-link elementor-button elementor-size-md\" role=\"button\">\n\t\t\t\t\t\t<span class=\"elementor-button-content-wrapper\">\n\t\t\t\t\t\t<span class=\"elementor-button-text\">D\u00e9couvrir<\/span>\n\t\t<\/span>\n\t\t\t\t\t<\/a>\n\t\t<\/div>\n\t\t\t\t<\/div>\n\t\t\t\t<\/div>\n\t\t\t\t\t<\/div>\n\t\t<\/div>\n\t\t\t\t<div class=\"elementor-column elementor-col-50 elementor-top-column elementor-element elementor-element-48227117\" data-id=\"48227117\" data-element_type=\"column\" data-settings=\"{&quot;background_background&quot;:&quot;classic&quot;}\">\n\t\t\t<div class=\"elementor-widget-wrap elementor-element-populated\">\n\t\t\t\t\t\t\t\t<div class=\"elementor-element elementor-element-3fd432f6 elementor-widget elementor-widget-spacer\" data-id=\"3fd432f6\" data-element_type=\"widget\" data-widget_type=\"spacer.default\">\n\t\t\t\t<div class=\"elementor-widget-container\">\n\t\t\t\t\t<div class=\"elementor-spacer\">\n\t\t\t<div class=\"elementor-spacer-inner\"><\/div>\n\t\t<\/div>\n\t\t\t\t<\/div>\n\t\t\t\t<\/div>\n\t\t\t\t\t<\/div>\n\t\t<\/div>\n\t\t\t\t\t\t\t<\/div>\n\t\t<\/section>\n\t\t\t\t<section class=\"elementor-section elementor-top-section elementor-element elementor-element-63b70263 elementor-section-full_width elementor-section-height-min-height elementor-section-items-stretch elementor-section-content-middle elementor-section-height-default\" data-id=\"63b70263\" data-element_type=\"section\" id=\"Workshop_Learn_The_Basics\">\n\t\t\t\t\t\t<div class=\"elementor-container elementor-column-gap-no\">\n\t\t\t\t\t<div class=\"elementor-column elementor-col-50 elementor-top-column elementor-element elementor-element-6f563a59\" data-id=\"6f563a59\" data-element_type=\"column\" data-settings=\"{&quot;background_background&quot;:&quot;classic&quot;}\">\n\t\t\t<div class=\"elementor-widget-wrap elementor-element-populated\">\n\t\t\t\t\t\t\t\t<div class=\"elementor-element elementor-element-7dc90a16 elementor-widget elementor-widget-spacer\" data-id=\"7dc90a16\" data-element_type=\"widget\" data-widget_type=\"spacer.default\">\n\t\t\t\t<div class=\"elementor-widget-container\">\n\t\t\t\t\t<div class=\"elementor-spacer\">\n\t\t\t<div class=\"elementor-spacer-inner\"><\/div>\n\t\t<\/div>\n\t\t\t\t<\/div>\n\t\t\t\t<\/div>\n\t\t\t\t\t<\/div>\n\t\t<\/div>\n\t\t\t\t<div class=\"elementor-column elementor-col-50 elementor-top-column elementor-element elementor-element-5eafac4\" data-id=\"5eafac4\" data-element_type=\"column\">\n\t\t\t<div class=\"elementor-widget-wrap elementor-element-populated\">\n\t\t\t\t\t\t\t\t<div class=\"elementor-element elementor-element-7072bf30 elementor-widget elementor-widget-heading\" data-id=\"7072bf30\" data-element_type=\"widget\" data-widget_type=\"heading.default\">\n\t\t\t\t<div class=\"elementor-widget-container\">\n\t\t\t<h2 class=\"elementor-heading-title elementor-size-default\">Histoire de l'abbaye d'\u00c9tival<\/h2>\t\t<\/div>\n\t\t\t\t<\/div>\n\t\t\t\t<div class=\"elementor-element elementor-element-e091a1d elementor-widget elementor-widget-text-editor\" data-id=\"e091a1d\" data-element_type=\"widget\" data-widget_type=\"text-editor.default\">\n\t\t\t\t<div class=\"elementor-widget-container\">\n\t\t\t\t\t\t\t<p>Sur la Route des 3 Abbayes, Etival la romane s\u2019\u00e9l\u00e8ve, de toute sa beaut\u00e9, sur les rives de la Valdange.\u00a0Quand elle devient importante abbaye de l\u2019ordre des Pr\u00e9montr\u00e9s en 1147, Etival a d\u00e9j\u00e0 crois\u00e9 les chemins de hauts personnages, comme sainte Odile ou Richarde Imp\u00e9ratrice et Reine de France.\u00a0Apr\u00e8s avoir franchi les portes d\u2019une fa\u00e7ade du XVIIIe si\u00e8cle, la surprise est de d\u00e9couvrir une magnifique \u00e9glise abbatiale romane, riche des \u00e9volutions de l\u2019architecture au travers des si\u00e8cles.<\/p>\t\t\t\t\t\t<\/div>\n\t\t\t\t<\/div>\n\t\t\t\t<div class=\"elementor-element elementor-element-135d366 elementor-invisible elementor-widget elementor-widget-button\" data-id=\"135d366\" data-element_type=\"widget\" data-settings=\"{&quot;_animation&quot;:&quot;fadeInDown&quot;}\" data-widget_type=\"button.default\">\n\t\t\t\t<div class=\"elementor-widget-container\">\n\t\t\t\t\t<div class=\"elementor-button-wrapper\">\n\t\t\t<a href=\"http:\/\/paysdesabbayes.com\/?page_id=188\" class=\"elementor-button-link elementor-button elementor-size-md\" role=\"button\">\n\t\t\t\t\t\t<span class=\"elementor-button-content-wrapper\">\n\t\t\t\t\t\t<span class=\"elementor-button-text\">D\u00e9couvrir<\/span>\n\t\t<\/span>\n\t\t\t\t\t<\/a>\n\t\t<\/div>\n\t\t\t\t<\/div>\n\t\t\t\t<\/div>\n\t\t\t\t\t<\/div>\n\t\t<\/div>\n\t\t\t\t\t\t\t<\/div>\n\t\t<\/section>\n\t\t\t\t\t\t\t<\/div>\n\t\t","protected":false},"excerpt":{"rendered":"<p>Terres d&rsquo;abbayes Fond\u00e9es au VII\u00e8 si\u00e8cle,\u00a0Les trois abbayes d\u2019\u00c9tival, Moyenmoutier et Senones\u00a0formaient, avec\u00a0Bonmoutier\u00a0au nord et\u00a0Saint-Di\u00e9\u00a0au sud,\u00a0ce que l\u2019on appelle\u00a0la Sainte Croix Monastique des Vosges.\u00a0Depuis toujours, elles ont \u00e9t\u00e9 des lieux de savoir et de connaissance, attirant des personnages remarquables : le cadinal Humbert, le p\u00e8re Hugo, Dom Calmet, Voltaire\u2026 Malgr\u00e9 les blessures du si\u00e8cle pass\u00e9, [&hellip;]<\/p>\n","protected":false},"author":1,"featured_media":0,"parent":0,"menu_order":0,"comment_status":"closed","ping_status":"closed","template":"","meta":{"footnotes":""},"class_list":["post-267","page","type-page","status-publish","hentry"],"_links":{"self":[{"href":"http:\/\/paysdesabbayes.com\/index.php?rest_route=\/wp\/v2\/pages\/267","targetHints":{"allow":["GET"]}}],"collection":[{"href":"http:\/\/paysdesabbayes.com\/index.php?rest_route=\/wp\/v2\/pages"}],"about":[{"href":"http:\/\/paysdesabbayes.com\/index.php?rest_route=\/wp\/v2\/types\/page"}],"author":[{"embeddable":true,"href":"http:\/\/paysdesabbayes.com\/index.php?rest_route=\/wp\/v2\/users\/1"}],"replies":[{"embeddable":true,"href":"http:\/\/paysdesabbayes.com\/index.php?rest_route=%2Fwp%2Fv2%2Fcomments&post=267"}],"version-history":[{"count":7,"href":"http:\/\/paysdesabbayes.com\/index.php?rest_route=\/wp\/v2\/pages\/267\/revisions"}],"predecessor-version":[{"id":984,"href":"http:\/\/paysdesabbayes.com\/index.php?rest_route=\/wp\/v2\/pages\/267\/revisions\/984"}],"wp:attachment":[{"href":"http:\/\/paysdesabbayes.com\/index.php?rest_route=%2Fwp%2Fv2%2Fmedia&parent=267"}],"curies":[{"name":"wp","href":"https:\/\/api.w.org\/{rel}","templated":true}]}}