{"id":160,"date":"2023-03-01T09:14:15","date_gmt":"2023-03-01T08:14:15","guid":{"rendered":"http:\/\/paysdesabbayes.com\/?page_id=160"},"modified":"2023-09-05T13:19:57","modified_gmt":"2023-09-05T11:19:57","slug":"la-principaute-de-salm","status":"publish","type":"page","link":"http:\/\/paysdesabbayes.com\/?page_id=160","title":{"rendered":"La principaut\u00e9 de Salm"},"content":{"rendered":"\t\t<div data-elementor-type=\"wp-page\" data-elementor-id=\"160\" class=\"elementor elementor-160\">\n\t\t\t\t\t\t\t\t\t<section class=\"elementor-section elementor-top-section elementor-element elementor-element-6cceca60 elementor-section-full_width elementor-section-height-default elementor-section-height-default\" data-id=\"6cceca60\" data-element_type=\"section\">\n\t\t\t\t\t\t<div class=\"elementor-container elementor-column-gap-no\">\n\t\t\t\t\t<div class=\"elementor-column elementor-col-100 elementor-top-column elementor-element elementor-element-115b3ba8\" data-id=\"115b3ba8\" data-element_type=\"column\">\n\t\t\t<div class=\"elementor-widget-wrap elementor-element-populated\">\n\t\t\t\t\t\t\t\t<div class=\"elementor-element elementor-element-3278139e elementor-widget elementor-widget-heading\" data-id=\"3278139e\" data-element_type=\"widget\" data-widget_type=\"heading.default\">\n\t\t\t\t<div class=\"elementor-widget-container\">\n\t\t\t<style>\/*! elementor - v3.11.2 - 22-02-2023 *\/\n.elementor-heading-title{padding:0;margin:0;line-height:1}.elementor-widget-heading .elementor-heading-title[class*=elementor-size-]>a{color:inherit;font-size:inherit;line-height:inherit}.elementor-widget-heading .elementor-heading-title.elementor-size-small{font-size:15px}.elementor-widget-heading .elementor-heading-title.elementor-size-medium{font-size:19px}.elementor-widget-heading .elementor-heading-title.elementor-size-large{font-size:29px}.elementor-widget-heading .elementor-heading-title.elementor-size-xl{font-size:39px}.elementor-widget-heading .elementor-heading-title.elementor-size-xxl{font-size:59px}<\/style><span class=\"elementor-heading-title elementor-size-default\">La Principaut\u00e9 de Salm<\/span>\t\t<\/div>\n\t\t\t\t<\/div>\n\t\t\t\t\t<\/div>\n\t\t<\/div>\n\t\t\t\t\t\t\t<\/div>\n\t\t<\/section>\n\t\t\t\t<section class=\"elementor-section elementor-top-section elementor-element elementor-element-61c0e702 elementor-section-full_width elementor-section-height-min-height elementor-section-items-stretch elementor-section-content-middle elementor-section-height-default\" data-id=\"61c0e702\" data-element_type=\"section\" id=\"Workshop_Learn_The_Basics\">\n\t\t\t\t\t\t<div class=\"elementor-container elementor-column-gap-no\">\n\t\t\t\t\t<div class=\"elementor-column elementor-col-50 elementor-top-column elementor-element elementor-element-635a6bd5\" data-id=\"635a6bd5\" data-element_type=\"column\" data-settings=\"{&quot;background_background&quot;:&quot;classic&quot;}\">\n\t\t\t<div class=\"elementor-widget-wrap elementor-element-populated\">\n\t\t\t\t\t\t\t\t<div class=\"elementor-element elementor-element-232286bb elementor-widget elementor-widget-spacer\" data-id=\"232286bb\" data-element_type=\"widget\" data-widget_type=\"spacer.default\">\n\t\t\t\t<div class=\"elementor-widget-container\">\n\t\t\t<style>\/*! elementor - v3.11.2 - 22-02-2023 *\/\n.elementor-column .elementor-spacer-inner{height:var(--spacer-size)}.e-con{--container-widget-width:100%}.e-con-inner>.elementor-widget-spacer,.e-con>.elementor-widget-spacer{width:var(--container-widget-width,var(--spacer-size));--align-self:var(--container-widget-align-self,initial);--flex-shrink:0}.e-con-inner>.elementor-widget-spacer>.elementor-widget-container,.e-con-inner>.elementor-widget-spacer>.elementor-widget-container>.elementor-spacer,.e-con>.elementor-widget-spacer>.elementor-widget-container,.e-con>.elementor-widget-spacer>.elementor-widget-container>.elementor-spacer{height:100%}.e-con-inner>.elementor-widget-spacer>.elementor-widget-container>.elementor-spacer>.elementor-spacer-inner,.e-con>.elementor-widget-spacer>.elementor-widget-container>.elementor-spacer>.elementor-spacer-inner{height:var(--container-widget-height,var(--spacer-size))}<\/style>\t\t<div class=\"elementor-spacer\">\n\t\t\t<div class=\"elementor-spacer-inner\"><\/div>\n\t\t<\/div>\n\t\t\t\t<\/div>\n\t\t\t\t<\/div>\n\t\t\t\t\t<\/div>\n\t\t<\/div>\n\t\t\t\t<div class=\"elementor-column elementor-col-50 elementor-top-column elementor-element elementor-element-365703d2\" data-id=\"365703d2\" data-element_type=\"column\">\n\t\t\t<div class=\"elementor-widget-wrap elementor-element-populated\">\n\t\t\t\t\t\t\t\t<div class=\"elementor-element elementor-element-1982e948 elementor-widget elementor-widget-heading\" data-id=\"1982e948\" data-element_type=\"widget\" data-widget_type=\"heading.default\">\n\t\t\t\t<div class=\"elementor-widget-container\">\n\t\t\t<h2 class=\"elementor-heading-title elementor-size-default\">Une abbaye<\/h2>\t\t<\/div>\n\t\t\t\t<\/div>\n\t\t\t\t<div class=\"elementor-element elementor-element-63ac468f elementor-widget elementor-widget-text-editor\" data-id=\"63ac468f\" data-element_type=\"widget\" data-widget_type=\"text-editor.default\">\n\t\t\t\t<div class=\"elementor-widget-container\">\n\t\t\t<style>\/*! elementor - v3.11.2 - 22-02-2023 *\/\n.elementor-widget-text-editor.elementor-drop-cap-view-stacked .elementor-drop-cap{background-color:#818a91;color:#fff}.elementor-widget-text-editor.elementor-drop-cap-view-framed .elementor-drop-cap{color:#818a91;border:3px solid;background-color:transparent}.elementor-widget-text-editor:not(.elementor-drop-cap-view-default) .elementor-drop-cap{margin-top:8px}.elementor-widget-text-editor:not(.elementor-drop-cap-view-default) .elementor-drop-cap-letter{width:1em;height:1em}.elementor-widget-text-editor .elementor-drop-cap{float:left;text-align:center;line-height:1;font-size:50px}.elementor-widget-text-editor .elementor-drop-cap-letter{display:inline-block}<\/style>\t\t\t\t<p>La tradition raconte que vers 640 un certain Gondelbert (moine ou la\u00efc ?) s\u2019installe sur le coteau entre deux ruisseaux et commence \u00e0 d\u00e9fricher le secteur et b\u00e2tit un ermitage qui va vite devenir l\u2019embryon de la ville de Senones.<\/p><p>661 : le roi Child\u00e9ric donne un territoire dont ces b\u00e9n\u00e9dictins deviennent les seigneurs. Une partie sera donn\u00e9e pour doter l\u2019abbaye de Moyenmoutier.<\/p><p>\u00a0<\/p><p>\u00a0<\/p><p>Cette abbaye royale \u00e0 l\u2019origine, appartenant \u00e0 la manse \u00e9piscopale de l\u2019\u00e9v\u00each\u00e9 de Metz va vite devenir ind\u00e9pendante. Les religieux sont les seigneurs du territoire : ils donnent la justice, l\u00e8vent les imp\u00f4ts et vont g\u00e9rer leur territoire comme une entreprise.<\/p><p>Ils vont vite devenir riches et puissants et susciter des convoitises. Un vou\u00e9 va \u00eatre nomm\u00e9 pour les prot\u00e9ger. C\u2019est vers le XIe si\u00e8cle que la riche abbaye se construit plus pr\u00e8s du Rabodeau, \u00e0 l\u2019endroit actuel sous l\u2019impulsion d\u2019un abb\u00e9 Antoine originaire de Pavie. Cet architecte va construire une abbaye romane.<\/p>\t\t\t\t\t\t<\/div>\n\t\t\t\t<\/div>\n\t\t\t\t\t<\/div>\n\t\t<\/div>\n\t\t\t\t\t\t\t<\/div>\n\t\t<\/section>\n\t\t\t\t<section class=\"elementor-section elementor-top-section elementor-element elementor-element-2e3a682b elementor-section-full_width elementor-section-height-min-height elementor-section-items-stretch elementor-section-content-middle elementor-section-height-default\" data-id=\"2e3a682b\" data-element_type=\"section\" id=\"Workshop_Learn_The_Basics\">\n\t\t\t\t\t\t<div class=\"elementor-container elementor-column-gap-no\">\n\t\t\t\t\t<div class=\"elementor-column elementor-col-100 elementor-top-column elementor-element elementor-element-1e6a1f16\" data-id=\"1e6a1f16\" data-element_type=\"column\">\n\t\t\t<div class=\"elementor-widget-wrap elementor-element-populated\">\n\t\t\t\t\t\t\t\t<div class=\"elementor-element elementor-element-7d71aa14 elementor-widget elementor-widget-heading\" data-id=\"7d71aa14\" data-element_type=\"widget\" data-widget_type=\"heading.default\">\n\t\t\t\t<div class=\"elementor-widget-container\">\n\t\t\t<h2 class=\"elementor-heading-title elementor-size-default\">Une famille<\/h2>\t\t<\/div>\n\t\t\t\t<\/div>\n\t\t\t\t<div class=\"elementor-element elementor-element-31560246 elementor-widget elementor-widget-text-editor\" data-id=\"31560246\" data-element_type=\"widget\" data-widget_type=\"text-editor.default\">\n\t\t\t\t<div class=\"elementor-widget-container\">\n\t\t\t\t\t\t\t<p>C\u2019est \u00e0 cette \u00e9poque qu\u2019appara\u00eet ici la famille de Salm<\/p><p>La maison de Salm est une tr\u00e8s ancienne famille d\u00e9j\u00e0 repr\u00e9sent\u00e9e par des membres influents aupr\u00e8s des successeurs de Charlemagne. Sigfrid est le premier a port\u00e9 le titre de comte de Luxembourg. Ensuite par conqu\u00eates ou alliances cette famille Luxembourg-Salm r\u00e8gne de Metz \u00e0 Anvers, de Reims \u00e0 Cologne sur des territoires morcel\u00e9s. Hermann Ier fut m\u00eame \u00e9lu anti-roi de Germanie lors de la Querelle des Investitures en 1081.<\/p><p>Son fils Hermann II comte de Salm et comte de Luxembourg \u00e9pouse la seigneur voisine Agn\u00e8s de Montb\u00e9liard-Mousson-Bar, comtesse de Langenstein, seigneur de Pierre Perc\u00e9e. Hermann II connait la richesse de l\u2019abbaye voisine. Et il les convoite. Il en devient le vou\u00e9 et il va tout faire, et ses successeurs aussi, pour que le territoire de l\u2019avouerie finisse par se confondre avec la seigneurie de l\u2019avou\u00e9 : ici un comt\u00e9. Le noyau de ce comt\u00e9 de Salm en Vosges est constitu\u00e9 par le patrimoine monastique initial de Senones, le ban donn\u00e9 par le roi Child\u00e9ric \u00e0 l\u2019abbaye, et les terres avoisinant le ch\u00e2teau de Pierre-Perc\u00e9e. A cela vont s\u2019ajouter par diff\u00e9rentes fondations ou mariages des territoires vers le nord : dans le Saulnois, l\u2019abbaye de Haute Seille, Morhange vers Metz, Blamont et Deneuvre puis F\u00e9n\u00e9trange.<\/p><p>Les branches de Salm Ardennes et Salm Vosges vont se s\u00e9parer d\u00e9finitivement quand Henri III va construire le ch\u00e2teau de Salm sur la commune de la Broque sur un terrain appartenant \u00e0 l\u2019Abbaye de Senones et y installer son autorit\u00e9.<\/p><p>L\u2019emprise des comtes va s\u2019affirmer : du fer ayant \u00e9t\u00e9 trouv\u00e9 pr\u00e8s de Grandfontaine sur les pentes du Donon, Henri IV va construire des mines et des forges sans l\u2019autorisation de l\u2019Abbaye, propri\u00e9taire du sol. Somm\u00e9 de les d\u00e9truire par l\u2019\u00e9v\u00eaque de Metz qui est son suzerain mais aussi possesseur de la manse de l\u2019abbaye, il va les reconstruire quelques ann\u00e9es plus tard. Un accord avec l\u2019abb\u00e9 Baudoin fut sign\u00e9 en 1261 : investissements et revenus sont partag\u00e9s en deux.<\/p><p>Quand la lign\u00e9e comtale se divisera en 2, le partage se fera en 3 ! (en 1513) !<\/p><p>En effet en 1431 le comte Jean V d\u00e9c\u00e8de au cours de la bataille de Bulgn\u00e9ville. L\u2019avouerie s\u2019exerce alors en commun par ses deux fils Simon et Jean VI.<\/p><p>-Jean VI continue la lign\u00e9e \u00ab francophone \u00bb la premi\u00e8re dynastie des comtes de Salm.<\/p><p>-Simon a deux enfants : Jacques comte de Salm gouverneur d\u2019Epinal, sans post\u00e9rit\u00e9 et dont ses droits sur le comt\u00e9 \u00e9churent \u00e0 sa s\u0153ur Jeanne ou Jeannette qui a \u00e9pous\u00e9<\/p><p>Jean V Wild und Rheingraf zu Dhaun. C\u2019est le d\u00e9but de la deuxi\u00e8me dynastie de Salm la lign\u00e9e \u00ab germanophone \u00bb<\/p><p>Au nord, un autre b\u00e2timent agricole<\/p><p>Un autre b\u00e2timent, construit pendant la p\u00e9riode industrielle, abrite aujourd&rsquo;hui la salle des f\u00eates de Senones.<\/p>\t\t\t\t\t\t<\/div>\n\t\t\t\t<\/div>\n\t\t\t\t\t<\/div>\n\t\t<\/div>\n\t\t\t\t\t\t\t<\/div>\n\t\t<\/section>\n\t\t\t\t<section class=\"elementor-section elementor-top-section elementor-element elementor-element-74d9c4f5 elementor-section-full_width elementor-section-height-min-height elementor-section-items-stretch elementor-section-content-middle elementor-section-height-default\" data-id=\"74d9c4f5\" data-element_type=\"section\" id=\"Workshop_Learn_The_Basics\">\n\t\t\t\t\t\t<div class=\"elementor-container elementor-column-gap-no\">\n\t\t\t\t\t<div class=\"elementor-column elementor-col-50 elementor-top-column elementor-element elementor-element-9118bbd\" data-id=\"9118bbd\" data-element_type=\"column\" data-settings=\"{&quot;background_background&quot;:&quot;classic&quot;}\">\n\t\t\t<div class=\"elementor-widget-wrap elementor-element-populated\">\n\t\t\t\t\t\t\t\t<div class=\"elementor-element elementor-element-295acc84 elementor-widget elementor-widget-spacer\" data-id=\"295acc84\" data-element_type=\"widget\" data-widget_type=\"spacer.default\">\n\t\t\t\t<div class=\"elementor-widget-container\">\n\t\t\t\t\t<div class=\"elementor-spacer\">\n\t\t\t<div class=\"elementor-spacer-inner\"><\/div>\n\t\t<\/div>\n\t\t\t\t<\/div>\n\t\t\t\t<\/div>\n\t\t\t\t\t<\/div>\n\t\t<\/div>\n\t\t\t\t<div class=\"elementor-column elementor-col-50 elementor-top-column elementor-element elementor-element-45b247c2\" data-id=\"45b247c2\" data-element_type=\"column\">\n\t\t\t<div class=\"elementor-widget-wrap elementor-element-populated\">\n\t\t\t\t\t\t\t\t<div class=\"elementor-element elementor-element-7934fc9e elementor-widget elementor-widget-heading\" data-id=\"7934fc9e\" data-element_type=\"widget\" data-widget_type=\"heading.default\">\n\t\t\t\t<div class=\"elementor-widget-container\">\n\t\t\t<h2 class=\"elementor-heading-title elementor-size-default\">Un comt\u00e9 de Salm<\/h2>\t\t<\/div>\n\t\t\t\t<\/div>\n\t\t\t\t<div class=\"elementor-element elementor-element-7f188e2c elementor-widget elementor-widget-text-editor\" data-id=\"7f188e2c\" data-element_type=\"widget\" data-widget_type=\"text-editor.default\">\n\t\t\t\t<div class=\"elementor-widget-container\">\n\t\t\t\t\t\t\t<p>En 1571 les deux vou\u00e9s de l\u2019abbaye font un coup d\u2019\u00e9tat :<\/p><p>&#8211; Jean IX, de la dynastie lorraine, est catholique, gouverneur de Nancy, mar\u00e9chal des arm\u00e9es du duc Charles III, il habite \u00e0 Nancy un h\u00f4tel \u00e0 la place de la cour d\u2019Appel actuelle<\/p><p>&#8211; le Rhingrave Fr\u00e9d\u00e9ric, catholique, comte de Salm de la dynastie germanique, mercenaire, colonel au service du roi de France et du duc de Lorraine. Lointains cousins, ils sont \u00e9galement beaux-fr\u00e8res : Fr\u00e9d\u00e9ric a \u00e9pous\u00e9 Fran\u00e7oise s\u0153ur de Jean IX.<\/p><p>\u00a0<\/p><p>Ils rassemblent tous les chefs de famille du val de Senones et du ban de Salm et se font reconnaitre comme les seuls seigneurs souverains et r\u00e9galiens en leur faisant pr\u00eater un serment d\u2019ob\u00e9issance. Ils ont fait de m\u00eame \u00e0 Badonviller pour les autres possessions.<\/p><p>Malgr\u00e9 les protestations aux diff\u00e9rents suzerains : \u00e9v\u00eaque de Metz, duc de Lorraine, empereur Maximilien, intervention du pape, diff\u00e9rentes transactions auront lieu mais ne rendront jamais \u00e0 l\u2019abbaye tous ses droits : les revenus industriels et forestiers, les impositions sont partag\u00e9es !<\/p><p>En 1598 les deux seigneurs sign\u00e8rent le partage de la Terre de Salm : ce partage qui porte sur les maisons, et sur les terres est un partage de juridiction qui instaure un si\u00e8cle et demi d\u2019indivision fonci\u00e8re entre les deux branches.<\/p><p>L\u2019abbaye et ses fermes \u00e0 M\u00e9nil, la Forain, Saint Sim\u00e9on et autres biens et le village de Chatas (16 maisons) restent sous la souverainet\u00e9 des 2 seigneurs.<\/p><p>\u00a0<\/p><p>A la mort de Jean IX, en 1600, sa ni\u00e8ce Christine ou Chrestienne de Salm devient son h\u00e9riti\u00e8re.<\/p><p>Comme elle avait \u00e9pous\u00e9 en 1597 Fran\u00e7ois de Vaud\u00e9mont, fils du duc de Lorraine Charles III, qui est devenu le duc Fran\u00e7ois II, sa part entre dans le duch\u00e9 de Lorraine et garde l\u2019appellation Comt\u00e9 de Salm.<\/p><p>En parall\u00e8le, \u00e0 la mort de Fr\u00e9d\u00e9ric (1608) son fils le rhingrave Philippe-Othon est aussi comte de Salm. Protestant, il se convertit au catholicisme et sert l\u2019Empereur du Saint Empire Germanique qui l\u2019\u00e9leve au rang de prince d\u2019Empire. Son lot prend l\u2019appellation Principaut\u00e9 de Salm.<\/p><p>A partir de ce moment les terres de Salm sont en indivision entre le duc de Lorraine et le prince de Salm.<\/p><p>Badonviller en est la capitale administrative g\u00e9r\u00e9e pour le prince par un intendant, un bailli, un procureur fiscal assist\u00e9s d\u2019un greffier et de 6 agents (police et forestiers). Les princes de Salm habitent surtout en Allemagne (r\u00e9gion de Mayence) et en Lorraine le ch\u00e2teau de Neuviller sur Moselle pr\u00e8s de Bayon.<\/p><p>Pendant la guerre de Trente Ans et l\u2019occupation fran\u00e7aise qui suivi et ruina le territoire, les ducs et princes successifs se mettent au service du Saint Empire Germanique, remplirent de hautes fonctions et se couvrirent de gloire avant de revenir sur leurs terres.<\/p>\t\t\t\t\t\t<\/div>\n\t\t\t\t<\/div>\n\t\t\t\t\t<\/div>\n\t\t<\/div>\n\t\t\t\t\t\t\t<\/div>\n\t\t<\/section>\n\t\t\t\t<section class=\"elementor-section elementor-top-section elementor-element elementor-element-2c47823c elementor-section-full_width elementor-section-height-min-height elementor-section-items-stretch elementor-section-content-middle elementor-section-height-default\" data-id=\"2c47823c\" data-element_type=\"section\" id=\"Workshop_Learn_The_Basics\">\n\t\t\t\t\t\t<div class=\"elementor-container elementor-column-gap-no\">\n\t\t\t\t\t<div class=\"elementor-column elementor-col-100 elementor-top-column elementor-element elementor-element-41a91280\" data-id=\"41a91280\" data-element_type=\"column\">\n\t\t\t<div class=\"elementor-widget-wrap elementor-element-populated\">\n\t\t\t\t\t\t\t\t<div class=\"elementor-element elementor-element-4b9432a elementor-widget elementor-widget-heading\" data-id=\"4b9432a\" data-element_type=\"widget\" data-widget_type=\"heading.default\">\n\t\t\t\t<div class=\"elementor-widget-container\">\n\t\t\t<h2 class=\"elementor-heading-title elementor-size-default\">Une principaut\u00e9 de Salm-Salm<\/h2>\t\t<\/div>\n\t\t\t\t<\/div>\n\t\t\t\t<div class=\"elementor-element elementor-element-55d68009 elementor-widget elementor-widget-text-editor\" data-id=\"55d68009\" data-element_type=\"widget\" data-widget_type=\"text-editor.default\">\n\t\t\t\t<div class=\"elementor-widget-container\">\n\t\t\t\t\t\t\t<p>Mais cette situation va encore se compliquer au d\u00e9but du XVIII\u00e8me si\u00e8cle. Le duc de Lorraine et comte de Salm Fran\u00e7ois III veut se marier avec Marie Th\u00e9r\u00e8se d\u2019Autriche future imp\u00e9ratrice. La France et son roi Louis XV ne sont pas de m\u00eame avis : le roi de France ne veut pas d\u2019une Lorraine sous influence germanique alors que depuis la fin de la guerre de Trente ans, il poss\u00e8de Metz, Toul, et Verdun et un bon tiers de l\u2019Alsace actuelle (les 2\/3 restants \u00e9tant form\u00e9s d\u2019une mosa\u00efque de petits \u00e9tats ou de villes libres !) Le trait\u00e9 de Vienne de 1737, et les diff\u00e9rentes conventions qui en d\u00e9coulent, ent\u00e9rinent l\u2019\u00e9change du duch\u00e9 de Lorraine avec celui de Toscane et c\u00e8de le duch\u00e9 de Lorraine en viager \u00e0 Stanislas Leszczynski roi d\u00e9tr\u00f4n\u00e9 de Pologne et surtout beau-p\u00e8re de Louis XV ! A la mort de Stanislas, le duch\u00e9 de Lorraine reviendra \u00e0 la France.<\/p><p>Le prince de Salm contemporain de ces \u00e9v\u00e9nements europ\u00e9ens s\u2019appelle Louis Othon. Sa fille h\u00e9riti\u00e8re Doroth\u00e9e de Salm \u00e9pouse un de ses lointains cousins Nicolas L\u00e9opold de Salm ; ils sont tous les deux descendants du Rhingrave Fr\u00e9d\u00e9ric qui s\u2019\u00e9tait mari\u00e9 4 fois !<\/p><p>Nicolas L\u00e9opold est reconnu prince de Salm Salm par d\u00e9cret de l\u2019empereur Charles en 1740. Nicolas-L\u00e9opold et Doroth\u00e9e fondent ainsi la troisi\u00e8me dynastie celle des princes de Salm- Salm.<\/p><p>Nicolas L\u00e9opold va donc n\u00e9gocier pour sortir de l\u2019indivision (le roi de France essaiera d\u2019acheter la part princi\u00e8re) et signe le 21 d\u00e9cembre 1751 le trait\u00e9 de Lun\u00e9ville qui :<\/p><p>&#8211; cr\u00e9\u00e9 la principaut\u00e9 de Salm- Salm, petit \u00e9tat ind\u00e9pendant vassal du Saint Empire Romain Germanique mais francophone et d\u00e9pendant \u00e9conomiquement de la France car enclav\u00e9, sur le territoire d\u2019origine de l\u2019abbaye de Senones.<\/p><p>&#8211; et stipule la libre circulation des gens et des \u00e9changes (grains, denr\u00e9es&#8230;) entre la France et la principaut\u00e9.<\/p><p>\u00a0<\/p><p>La Maison de Salm, si elle perd ses possessions lorraines comme la baronnie de F\u00e9n\u00e9trange, a r\u00e9ussi \u00e0 garder un patrimoine important : les mines et les forges de Framont Grandfontaine et les for\u00eats qui les approvisionnent en bois. Badonviller \u00e9tant dor\u00e9navant en Lorraine, Senones devient capitale.<\/p>\t\t\t\t\t\t<\/div>\n\t\t\t\t<\/div>\n\t\t\t\t\t<\/div>\n\t\t<\/div>\n\t\t\t\t\t\t\t<\/div>\n\t\t<\/section>\n\t\t\t\t<section class=\"elementor-section elementor-top-section elementor-element elementor-element-bfb7361 elementor-section-full_width elementor-section-height-default elementor-section-height-default\" data-id=\"bfb7361\" data-element_type=\"section\">\n\t\t\t\t\t\t<div class=\"elementor-container elementor-column-gap-no\">\n\t\t\t\t\t<div class=\"elementor-column elementor-col-100 elementor-top-column elementor-element elementor-element-458f9136\" data-id=\"458f9136\" data-element_type=\"column\">\n\t\t\t<div class=\"elementor-widget-wrap elementor-element-populated\">\n\t\t\t\t\t\t\t\t<div class=\"elementor-element elementor-element-4add5044 elementor-widget elementor-widget-heading\" data-id=\"4add5044\" data-element_type=\"widget\" data-widget_type=\"heading.default\">\n\t\t\t\t<div class=\"elementor-widget-container\">\n\t\t\t<span class=\"elementor-heading-title elementor-size-default\">Trois princes  vont se succ\u00e9der<\/span>\t\t<\/div>\n\t\t\t\t<\/div>\n\t\t\t\t\t<\/div>\n\t\t<\/div>\n\t\t\t\t\t\t\t<\/div>\n\t\t<\/section>\n\t\t\t\t<section class=\"elementor-section elementor-inner-section elementor-element elementor-element-404debce elementor-section-full_width elementor-section-height-default elementor-section-height-default\" data-id=\"404debce\" data-element_type=\"section\">\n\t\t\t\t\t\t<div class=\"elementor-container elementor-column-gap-no\">\n\t\t\t\t\t<div class=\"elementor-column elementor-col-33 elementor-inner-column elementor-element elementor-element-3f94d182\" data-id=\"3f94d182\" data-element_type=\"column\">\n\t\t\t<div class=\"elementor-widget-wrap elementor-element-populated\">\n\t\t\t\t\t\t\t\t<div class=\"elementor-element elementor-element-ab9a17a elementor-position-top elementor-vertical-align-top elementor-widget elementor-widget-image-box\" data-id=\"ab9a17a\" data-element_type=\"widget\" data-widget_type=\"image-box.default\">\n\t\t\t\t<div class=\"elementor-widget-container\">\n\t\t\t<style>\/*! elementor - v3.11.2 - 22-02-2023 *\/\n.elementor-widget-image-box .elementor-image-box-content{width:100%}@media (min-width:768px){.elementor-widget-image-box.elementor-position-left .elementor-image-box-wrapper,.elementor-widget-image-box.elementor-position-right .elementor-image-box-wrapper{display:flex}.elementor-widget-image-box.elementor-position-right .elementor-image-box-wrapper{text-align:right;flex-direction:row-reverse}.elementor-widget-image-box.elementor-position-left .elementor-image-box-wrapper{text-align:left;flex-direction:row}.elementor-widget-image-box.elementor-position-top .elementor-image-box-img{margin:auto}.elementor-widget-image-box.elementor-vertical-align-top .elementor-image-box-wrapper{align-items:flex-start}.elementor-widget-image-box.elementor-vertical-align-middle .elementor-image-box-wrapper{align-items:center}.elementor-widget-image-box.elementor-vertical-align-bottom .elementor-image-box-wrapper{align-items:flex-end}}@media (max-width:767px){.elementor-widget-image-box .elementor-image-box-img{margin-left:auto!important;margin-right:auto!important;margin-bottom:15px}}.elementor-widget-image-box .elementor-image-box-img{display:inline-block}.elementor-widget-image-box .elementor-image-box-title a{color:inherit}.elementor-widget-image-box .elementor-image-box-wrapper{text-align:center}.elementor-widget-image-box .elementor-image-box-description{margin:0}<\/style><div class=\"elementor-image-box-wrapper\"><div class=\"elementor-image-box-content\"><h3 class=\"elementor-image-box-title\">Nicolas L\u00e9opold<\/h3><p class=\"elementor-image-box-description\">1701 Nancy-1770 Hoogstraten (Belgique) :\n\nColonel, propri\u00e9taire d\u2019un r\u00e9giment, feld-mar\u00e9chal des arm\u00e9es imp\u00e9riales, chevalier de la toison d\u2019or, gouverneur d\u2019Anvers. C\u2019est un guerrier (campagne de Sicile, guerre de succession de Pologne, guerre turque, guerre de succession d\u2019Autriche), vient rarement \u00e0 Senones, vit \u00e0 Hoogstraten, a 18 enfants avec la princesse Doroth\u00e9e puis se remarie avec sa s\u0153ur Christine. C\u2019est le \u00ab prince p\u00e8re \u00bb.<\/p><\/div><\/div>\t\t<\/div>\n\t\t\t\t<\/div>\n\t\t\t\t\t<\/div>\n\t\t<\/div>\n\t\t\t\t<div class=\"elementor-column elementor-col-33 elementor-inner-column elementor-element elementor-element-3519fcf8\" data-id=\"3519fcf8\" data-element_type=\"column\">\n\t\t\t<div class=\"elementor-widget-wrap elementor-element-populated\">\n\t\t\t\t\t\t\t\t<div class=\"elementor-element elementor-element-3d5b67c8 elementor-position-top elementor-vertical-align-top elementor-widget elementor-widget-image-box\" data-id=\"3d5b67c8\" data-element_type=\"widget\" data-widget_type=\"image-box.default\">\n\t\t\t\t<div class=\"elementor-widget-container\">\n\t\t\t<div class=\"elementor-image-box-wrapper\"><div class=\"elementor-image-box-content\"><h3 class=\"elementor-image-box-title\">Louis Charles Othon<\/h3><p class=\"elementor-image-box-description\">1721 Hoogstraten \u2013 29 -7- 1778 Senones :\n\nIl est abb\u00e9 commendataire de Boh\u00e9ries (Aisne), de Beaupr\u00e9 (Moncel les Lun\u00e9ville), et de Saint Quentin sur l\u2019ile (Noyon). Bien qu\u2019\u00e9tant l\u2019a\u00een\u00e9 son p\u00e8re l\u2019avait destin\u00e9 aux ordres, r\u00e9servant la Principaut\u00e9 \u00e0 son autre fils Maximilien, commandant de la ville et forteresse de Luxembourg qui deviendra \u00e0 son tour g\u00e9n\u00e9ral et gouverneur d\u2019Anvers. Louis r\u00e9clama ses droits et le tribunal de Wetzlar trancha en sa faveur. Leur \u00ab accord entre fr\u00e8res \u00bb fut sign\u00e9 \u00e0 Senones en 1771.\n\nLouis avait men\u00e9 au nom de son p\u00e8re les n\u00e9gociations qui aboutirent \u00e0 la cr\u00e9ation de la Principaut\u00e9. Grand gestionnaire, il affirme le gouvernement ind\u00e9pendant de sa principaut\u00e9 et, grand amateur d\u2019art, il remplit de ses collections le deuxi\u00e8me ch\u00e2teau qu\u2019il fait construire. Sans post\u00e9rit\u00e9<\/p><\/div><\/div>\t\t<\/div>\n\t\t\t\t<\/div>\n\t\t\t\t\t<\/div>\n\t\t<\/div>\n\t\t\t\t<div class=\"elementor-column elementor-col-33 elementor-inner-column elementor-element elementor-element-2a0fc48c\" data-id=\"2a0fc48c\" data-element_type=\"column\">\n\t\t\t<div class=\"elementor-widget-wrap elementor-element-populated\">\n\t\t\t\t\t\t\t\t<div class=\"elementor-element elementor-element-76ab50e3 elementor-position-top elementor-vertical-align-top elementor-widget elementor-widget-image-box\" data-id=\"76ab50e3\" data-element_type=\"widget\" data-widget_type=\"image-box.default\">\n\t\t\t\t<div class=\"elementor-widget-container\">\n\t\t\t<div class=\"elementor-image-box-wrapper\"><div class=\"elementor-image-box-content\"><h3 class=\"elementor-image-box-title\">Constantin Alexandre<\/h3><\/div><\/div>\t\t<\/div>\n\t\t\t\t<\/div>\n\t\t\t\t<div class=\"elementor-element elementor-element-7aaa172f elementor-widget elementor-widget-text-editor\" data-id=\"7aaa172f\" data-element_type=\"widget\" data-widget_type=\"text-editor.default\">\n\t\t\t\t<div class=\"elementor-widget-container\">\n\t\t\t\t\t\t\t<p>1762 Hoogstraten 1828 Karlsruhe<\/p><p>C\u2019est le fils de Maximilien. Ag\u00e9 de 16 ans il doit attendre sa majorit\u00e9 pour r\u00e9gner. La S\u00e9r\u00e9nissime Tutelle le fait \u00e0 sa place : sa m\u00e8re et son oncle Guillaume Florentin \u00e9v\u00eaque de Tournai (dans les faits par le prince Charles habitant Senones) sont les r\u00e9gents. Prenant le pr\u00e9texte d\u2018\u00e9ponger les dettes du prince pr\u00e9c\u00e9dent mais surtout pour enrichir leurs apanages, Guillaume Florentin r\u00e9duit le train de vie, simplifie les rouages de l\u2019administration et restreint le nombre des officiers de Principaut\u00e9.<\/p><p>Constantin Alexandre \u00e9pouse en premier la princesse Victoire-F\u00e9licit\u00e9 de Loewenstein Wertheim qui lui donna un prince h\u00e9ritier Guillaume- Florentin a\u00efeul du prince actuel.<\/p><p>Despote \u00e9clair\u00e9 tr\u00e8s instruit et cultiv\u00e9, il essaie d\u2019am\u00e9liorer le sort de ses sujets par diverses mesures \u00e9conomiques et sociales mais contrairement \u00e0 ses pr\u00e9d\u00e9cesseurs, il est entour\u00e9 d\u2019administrateurs germanophones dans une principaut\u00e9 francophone aux coutumes lorraines.<\/p><p><br \/><br \/><br \/><br \/><br \/><br \/><br \/><br \/><\/p>\t\t\t\t\t\t<\/div>\n\t\t\t\t<\/div>\n\t\t\t\t\t<\/div>\n\t\t<\/div>\n\t\t\t\t\t\t\t<\/div>\n\t\t<\/section>\n\t\t\t\t<section class=\"elementor-section elementor-top-section elementor-element elementor-element-240e4587 elementor-section-full_width elementor-section-height-default elementor-section-height-default\" data-id=\"240e4587\" data-element_type=\"section\">\n\t\t\t\t\t\t<div class=\"elementor-container elementor-column-gap-no\">\n\t\t\t\t\t<div class=\"elementor-column elementor-col-100 elementor-top-column elementor-element elementor-element-246add3e\" data-id=\"246add3e\" data-element_type=\"column\">\n\t\t\t<div class=\"elementor-widget-wrap elementor-element-populated\">\n\t\t\t\t\t\t\t\t<div class=\"elementor-element elementor-element-56afb980 elementor-widget elementor-widget-heading\" data-id=\"56afb980\" data-element_type=\"widget\" data-widget_type=\"heading.default\">\n\t\t\t\t<div class=\"elementor-widget-container\">\n\t\t\t<span class=\"elementor-heading-title elementor-size-default\">A la r\u00e9volution fran\u00e7aise<\/span>\t\t<\/div>\n\t\t\t\t<\/div>\n\t\t\t\t<div class=\"elementor-element elementor-element-567ca6e5 elementor-widget elementor-widget-text-editor\" data-id=\"567ca6e5\" data-element_type=\"widget\" data-widget_type=\"text-editor.default\">\n\t\t\t\t<div class=\"elementor-widget-container\">\n\t\t\t\t\t\t\t<p>A la R\u00e9volution fran\u00e7aise les Principautois envoient aussi \u00e0 leur prince leur cahier de dol\u00e9ances o\u00f9 ils r\u00e9clament plus de langue fran\u00e7aise, des municipalit\u00e9s, moins de rigueur dans la vie sociale (cabaret&#8230;) et dans la vie \u00e9conomique (choix du moulin\u2026)<\/p><p>Le prince les leur accorde mais de loin\u2026en effet les membres de la famille de Salm- Salm s\u2019\u00e9loignent tour \u00e0 tour \u00e0 l\u2019\u00e9tranger.<\/p><p>Vassale de l\u2019Empire germanique, la Principaut\u00e9 est d\u00e9pendante \u00e9conomiquement de la France qui l\u2019entoure. L\u2019Assembl\u00e9e Constituante reconnait dans un premier temps le trait\u00e9 de 1751. Mais en septembre 1792 elle r\u00e9glemente la circulation des grains. C\u2019est la premi\u00e8re difficult\u00e9 des commer\u00e7ants Senonais pour s\u2019approvisionner au march\u00e9 de Raon l\u2019Etape : l\u2019intervention du ministre de l\u2019int\u00e9rieur Roland leur accorde une permission temporaire.<\/p><p>Mais le d\u00e9cret du 8 d\u00e9cembre 1792 interdit de commercer avec l\u2019\u00e9tranger y compris enclav\u00e9. Des d\u00e9l\u00e9gu\u00e9s sont envoy\u00e9s \u00e0 Paris pour plaider la cause des Principautois. Bien que r\u00e9sidant \u00e0 Anholt le Prince Constantin ne se d\u00e9sint\u00e9resse pas du sort de ses sujets, il recommande \u00e0 la d\u00e9l\u00e9gation de se limiter \u00e0 la seule question de l\u2019approvisionnement en grains, au respect du trait\u00e9 de 1751. Les d\u00e9marches sont vaines, le 24 f\u00e9vrier 1793 les d\u00e9l\u00e9gu\u00e9s pragmatiques demandent la r\u00e9union de la Principaut\u00e9 \u00e0 la France.<\/p><p>\u00a0<\/p><p>Le 2 mars 1793 la principaut\u00e9 de Salm Salm est r\u00e9unie \u00e0 la France et provisoirement au d\u00e9partement des Vosges.<\/p><p>La principaut\u00e9 de Salm Salm avait v\u00e9cu un peu plus que 40 ans, nait alors le \u00ab ci-devant Pays de Salm \u00bb<\/p><p>\u00a0<\/p><p>Le prince de Salm- Salm fut indemnis\u00e9 de la perte de son domaine par le trait\u00e9 de Lun\u00e9ville en 1801.<\/p><p>La famille de Salm-Salm habite toujours dans son ch\u00e2teau \u00e0 Anholt pr\u00e8s de Ysel en Allemagne.<\/p><p>\u00a0<\/p><p>Pour en savoir plus : archives des Vosges s\u00e9rie 3 C , archives du comt\u00e9 et de la Principaut\u00e9 de Salm.<\/p>\t\t\t\t\t\t<\/div>\n\t\t\t\t<\/div>\n\t\t\t\t\t<\/div>\n\t\t<\/div>\n\t\t\t\t\t\t\t<\/div>\n\t\t<\/section>\n\t\t\t\t\t\t\t<\/div>\n\t\t","protected":false},"excerpt":{"rendered":"<p>La Principaut\u00e9 de Salm Une abbaye La tradition raconte que vers 640 un certain Gondelbert (moine ou la\u00efc ?) s\u2019installe sur le coteau entre deux ruisseaux et commence \u00e0 d\u00e9fricher le secteur et b\u00e2tit un ermitage qui va vite devenir l\u2019embryon de la ville de Senones. 661 : le roi Child\u00e9ric donne un territoire dont [&hellip;]<\/p>\n","protected":false},"author":1,"featured_media":0,"parent":0,"menu_order":0,"comment_status":"closed","ping_status":"closed","template":"","meta":{"footnotes":""},"class_list":["post-160","page","type-page","status-publish","hentry"],"_links":{"self":[{"href":"http:\/\/paysdesabbayes.com\/index.php?rest_route=\/wp\/v2\/pages\/160","targetHints":{"allow":["GET"]}}],"collection":[{"href":"http:\/\/paysdesabbayes.com\/index.php?rest_route=\/wp\/v2\/pages"}],"about":[{"href":"http:\/\/paysdesabbayes.com\/index.php?rest_route=\/wp\/v2\/types\/page"}],"author":[{"embeddable":true,"href":"http:\/\/paysdesabbayes.com\/index.php?rest_route=\/wp\/v2\/users\/1"}],"replies":[{"embeddable":true,"href":"http:\/\/paysdesabbayes.com\/index.php?rest_route=%2Fwp%2Fv2%2Fcomments&post=160"}],"version-history":[{"count":7,"href":"http:\/\/paysdesabbayes.com\/index.php?rest_route=\/wp\/v2\/pages\/160\/revisions"}],"predecessor-version":[{"id":971,"href":"http:\/\/paysdesabbayes.com\/index.php?rest_route=\/wp\/v2\/pages\/160\/revisions\/971"}],"wp:attachment":[{"href":"http:\/\/paysdesabbayes.com\/index.php?rest_route=%2Fwp%2Fv2%2Fmedia&parent=160"}],"curies":[{"name":"wp","href":"https:\/\/api.w.org\/{rel}","templated":true}]}}